{"id":16664,"date":"2025-05-13T13:38:02","date_gmt":"2025-05-13T17:38:02","guid":{"rendered":"https:\/\/prltap.org\/eng\/?post_type=tribe_events&#038;p=16664"},"modified":"2025-05-13T14:01:42","modified_gmt":"2025-05-13T18:01:42","slug":"cumbre-de-edc-visibilidad-nocturna-para-mayor-seguridad","status":"publish","type":"tribe_events","link":"https:\/\/prltap.org\/eng\/event\/cumbre-de-edc-visibilidad-nocturna-para-mayor-seguridad\/","title":{"rendered":"Cumbre de EDC: Visibilidad Nocturna para Mayor Seguridad"},"content":{"rendered":"<p><a class=\"mcnButton\" title=\"REGISTRO\" href=\"https:\/\/forms.gle\/JjX9PgwJRVyLAkN26\" target=\"_blank\" rel=\"noopener\">REGISTRO<\/a><\/p>\n<p>&nbsp;<\/p>\n<p><strong style=\"color: #006729;\">FECHA Y HORA:<\/strong><br \/>\nJueves, 5 de junio de 2025<br \/>\n8:00 am Registro<br \/>\n8:30 am &#8211; 12:00 pm<\/p>\n<p>Horas Contacto: Tres (3) horas t\u00e9cnicas para ingenieros y generales para agrimensores del CIAPR que participen en el seminario en su totalidad.<\/p>\n<p><em>***La determinaci\u00f3n final en cuanto a la adjudicaci\u00f3n de las Horas Contacto (HC), depender\u00e1 de los requisitos y regulaciones vigentes del CIAPR.***<\/em><\/p>\n<p><strong style=\"color: #006729;\">LUGAR:<\/strong><br \/>\nColegio de Ingenieros y Agrimensores de Puerto Rico<br \/>\nTeatro Ing. Salvador V. Caro<br \/>\nAve. Domenech, Calle Ing. Antol\u00edn Nin<br \/>\nHato Rey, Puerto Rico<\/p>\n<p>&nbsp;<\/p>\n<div><u><strong style=\"color: #006729;\">AGENDA:<\/strong><\/u><\/div>\n<p>&nbsp;<\/p>\n<div><strong style=\"color: #006729;\">8:00 AM &#8211; 8:30 AM &#8211; Registro<\/strong><\/div>\n<div><\/div>\n<div><strong style=\"color: #006729;\">8:30 AM &#8211; 8:40 AM &#8211; Bienvenida<\/strong><\/div>\n<div><\/div>\n<div><strong style=\"color: #006729;\">8:40 AM &#8211; 9:00 AM &#8211; Visi\u00f3n Estrat\u00e9gica para Mejorar la Seguridad de los Peatones en Puerto Rico<\/strong><br \/>\nDr. Edwin E. Gonz\u00e1lez Montalvo, Secretario<br \/>\nDepartamento de Transportaci\u00f3n y Obras P\u00fablicas<\/div>\n<div><\/div>\n<div><strong style=\"color: #006729;\">9:00 AM &#8211; 9:20 AM &#8211; Innovaciones de EDC 7 en Puerto Rico y Principales Resultados a Nivel Nacional<\/strong><br \/>\nDr. Alberto M. Figueroa Medina, Co-Director<br \/>\nCentro de Transferencia de Tecnolog\u00eda en Transportaci\u00f3n<\/div>\n<div><\/div>\n<div><strong style=\"color: #006729;\">9:20 AM &#8211; 9:50 AM &#8211; Planificaci\u00f3n de Proyecto Vial para la Seguridad: Necesidades y An\u00e1lisis de Datos<\/strong><br \/>\nIng. Wilfredo R. Cordero Cruz, Gerente de Seguridad Vial<br \/>\nMetric Engineering of Puerto Rico<\/div>\n<div><\/div>\n<div><strong style=\"color: #006729;\">9:50 AM &#8211; 10:20 AM &#8211; Elementos Importantes en una Auditor\u00eda de Seguridad Centrada en Usuarios Vulnerables<\/strong><br \/>\nIng. Wilfredo R. Cordero Cruz, Gerente de Seguridad Vial<br \/>\nMetric Engineering of Puerto Rico<\/div>\n<div><\/div>\n<div><strong style=\"color: #006729;\">10:20 AM &#8211; 10:35 AM &#8211; Receso<\/strong><\/div>\n<div><\/div>\n<div><strong style=\"color: #006729;\">10:35 AM &#8211; 11:20 AM &#8211; Incorporaci\u00f3n de Contramedidas de Seguridad para los Usuarios Vulnerables de la V\u00eda P\u00fablica<\/strong><br \/>\nIng. Francisco R. Klein Moya, Presidente<br \/>\nKlein Engineering, PSC<br \/>\nDra. Vanessa Amado Gonz\u00e1lez, Presidenta<br \/>\nVAG Transportation Engineering Consultants, PSC<\/div>\n<div><\/div>\n<div><strong style=\"color: #006729;\">11:20 AM &#8211; 11:50 AM &#8211; Implementaci\u00f3n de la Hoja de Cotejo del Seguridad de Usuarios Vulnerables de Puerto Rico <\/strong><strong style=\"color: #006729;\">en las Fases de Pre-Construcci\u00f3n<\/strong><br \/>\nIng. David Ramos L\u00f3pez, Campe\u00f3n de la Iniciativa<br \/>\nAutoridad de Carreteras y Transportaci\u00f3n<br \/>\nIng. Ashley Vargas Figueroa, Presidenta<br \/>\nMetric Engineering of Puerto Rico<\/div>\n<div><\/div>\n<div><strong style=\"color: #006729;\">11:50 AM &#8211; 12:00 PM &#8211; Clausura<\/strong><\/div>\n<div><\/div>\n<div><\/div>\n<div><\/div>\n<div><\/div>\n<div>\n<div><strong style=\"color: #006729;\">INFORMACI\u00d3N DE CONTACTO<\/strong><\/div>\n<div><\/div>\n<div><strong style=\"color: #006729;\"><u>Centro de Transferencia de Tecnolog\u00eda en Transportaci\u00f3n<\/u><\/strong><br \/>\nSrta. Cristina M. Riberas Gonz\u00e1lez<br \/>\nE-mail: cristina.riberas@upr.edu<br \/>\nTel\u00e9fono: 787-834-6385 (Directo)<br \/>\n787-832-4040 Exts. 3393, 3403<\/div>\n<div><u><strong style=\"color: #006729;\">ACT<\/strong><\/u><br \/>\nAimee Dil\u00e1n (adilan@act.pr.gov)<br \/>\nTel\u00e9fono: 787-721-8787, Exts. 57220 \/ 52049<br \/>\n<strong>NOTA:<\/strong> Empleados de la ACT favor enviar la Forma ACT 770 y completar el formulario de registro.<\/div>\n<\/div>\n","protected":false},"excerpt":{"rendered":"<p>REGISTRO &nbsp; FECHA Y HORA: Jueves, 5 de junio de 2025 8:00 am Registro 8:30 am &#8211; 12:00 pm Horas Contacto: Tres (3) horas t\u00e9cnicas para ingenieros y generales para [&hellip;]<\/p>\n","protected":false},"author":18,"featured_media":0,"template":"","meta":{"_tribe_events_status":"","_tribe_events_status_reason":"","footnotes":""},"tags":[],"tribe_events_cat":[78],"class_list":{"0":"post-16664","1":"tribe_events","2":"type-tribe_events","3":"status-publish","5":"tribe_events_cat-seminar","6":"cat_seminar","7":"czr-hentry"},"jetpack_sharing_enabled":true,"_links":{"self":[{"href":"https:\/\/prltap.org\/eng\/wp-json\/wp\/v2\/tribe_events\/16664","targetHints":{"allow":["GET"]}}],"collection":[{"href":"https:\/\/prltap.org\/eng\/wp-json\/wp\/v2\/tribe_events"}],"about":[{"href":"https:\/\/prltap.org\/eng\/wp-json\/wp\/v2\/types\/tribe_events"}],"author":[{"embeddable":true,"href":"https:\/\/prltap.org\/eng\/wp-json\/wp\/v2\/users\/18"}],"version-history":[{"count":3,"href":"https:\/\/prltap.org\/eng\/wp-json\/wp\/v2\/tribe_events\/16664\/revisions"}],"predecessor-version":[{"id":16667,"href":"https:\/\/prltap.org\/eng\/wp-json\/wp\/v2\/tribe_events\/16664\/revisions\/16667"}],"wp:attachment":[{"href":"https:\/\/prltap.org\/eng\/wp-json\/wp\/v2\/media?parent=16664"}],"wp:term":[{"taxonomy":"post_tag","embeddable":true,"href":"https:\/\/prltap.org\/eng\/wp-json\/wp\/v2\/tags?post=16664"},{"taxonomy":"tribe_events_cat","embeddable":true,"href":"https:\/\/prltap.org\/eng\/wp-json\/wp\/v2\/tribe_events_cat?post=16664"}],"curies":[{"name":"wp","href":"https:\/\/api.w.org\/{rel}","templated":true}]}}